{"id":10112,"date":"2020-05-11T15:38:12","date_gmt":"2020-05-11T19:38:12","guid":{"rendered":"http:\/\/dev.cinemapolitica.org\/?post_type=film&#038;p=10112"},"modified":"2022-12-08T18:31:39","modified_gmt":"2022-12-08T23:31:39","slug":"tunniit-retracing-the-lines-of-inuit-tattoos","status":"publish","type":"film","link":"https:\/\/www.cinemapolitica.org\/fr\/film\/tunniit-retracing-the-lines-of-inuit-tattoos\/","title":{"rendered":"Tunniit: Retracing the Lines of Inuit Tattoos"},"content":{"rendered":"\n<p>TUNNIIT : RETRACING THE LINES OF INUIT TATTOOS est un documentaire personnel et politique de la cin\u00e9aste inuite Alethea Arnaquq-Baril, dont le dernier film ANGRY INUK a remport\u00e9 de nombreux prix.<\/p>\n\n<p>Pendant plus d&rsquo;un si\u00e8cle, les tatouages traditionnels du visage des Inuits ont \u00e9t\u00e9 interdits par le gouvernement canadien et la forme d&rsquo;art presque oubli\u00e9e. Arnaquq-Baril, accompagn\u00e9e de son amie de longue date et militante Aaju Peter, est d\u00e9termin\u00e9e \u00e0 d\u00e9couvrir le myst\u00e8re et la signification de cette belle et ancienne tradition. Ensemble, elles s&#8217;embarquent dans une aventure \u00e0 travers les communaut\u00e9s de l&rsquo;Arctique, s&rsquo;entretenant avec les anciens et enregistrant les histoires d&rsquo;une forme d&rsquo;art f\u00e9minin pratiqu\u00e9e autrefois et popularis\u00e9e.<\/p>\n\n<p>Au c\u0153ur du film se trouve le d\u00e9bat personnel d&rsquo;Arnaquq-Baril sur l&rsquo;opportunit\u00e9 de se faire tatouer ou non. Avec candeur et humour, elle accueille le spectateur dans son monde, pour lui faire vivre les \u00e9motions complexes qui accompagnent son combat. Le pass\u00e9 rencontre le pr\u00e9sent dans ce r\u00e9cit intime du voyage d&rsquo;une femme vers l&rsquo;autonomisation et la compr\u00e9hension culturelle.<\/p>\n","protected":false},"featured_media":10120,"menu_order":0,"template":"","meta":{"_acf_changed":false,"_oasis_is_in_workflow":0,"_oasis_original":0,"ep_exclude_from_search":false,"footnotes":""},"languages":[1190,1332],"countries":[742],"film_categories":[1215],"master_copies":[],"pricing_grid":[1411,1410,1412,1414,1417,1416,1419,1418,1434,1428,1435,1459],"press_types":[1191,2081],"class_list":["post-10112","film","type-film","status-publish","has-post-thumbnail","hentry","languages-francais","languages-inuktitut-fr","countries-ca-fr","film_categories-autochtone-fr","pricing_grid-1-30-avec-droit-dentree","pricing_grid-1-30-sans-droit-dentree","pricing_grid-121-250-sans-droit-dentree","pricing_grid-251-500-sans-droit-dentree","pricing_grid-31-60-avec-droit-dentree","pricing_grid-31-60-sans-droit-dentree","pricing_grid-61-120-avec-driot-dentree","pricing_grid-61-120-sans-droit-dentree","pricing_grid-dvd-fr","pricing_grid-ecoles-et-bibliotheques-publiques","pricing_grid-lien-de-visionnement-haute-resolution","pricing_grid-organisme-sans-but-lucratif","press_types-critique","press_types-review-fr-2"],"acf":[],"yoast_head":"<!-- This site is optimized with the Yoast SEO plugin v27.1.1 - https:\/\/yoast.com\/product\/yoast-seo-wordpress\/ -->\n<title>Tunniit: Retracing the Lines of Inuit Tattoos - Cinema Politica<\/title>\n<meta name=\"description\" content=\"TUNNIIT : RETRACING THE LINES OF INUIT TATTOOS est un documentaire personnel et politique de la cin\u00e9aste inuite Alethea Arnaquq-Baril.\" \/>\n<meta name=\"robots\" content=\"index, follow, max-snippet:-1, max-image-preview:large, max-video-preview:-1\" \/>\n<link rel=\"canonical\" href=\"https:\/\/www.cinemapolitica.org\/fr\/film\/tunniit-retracing-the-lines-of-inuit-tattoos\/\" \/>\n<meta property=\"og:locale\" content=\"fr_CA\" \/>\n<meta property=\"og:type\" content=\"article\" \/>\n<meta property=\"og:title\" content=\"Tunniit: Retracing the Lines of Inuit Tattoos - Cinema Politica\" \/>\n<meta property=\"og:description\" content=\"TUNNIIT : RETRACING THE LINES OF INUIT TATTOOS est un documentaire personnel et politique de la cin\u00e9aste inuite Alethea Arnaquq-Baril.\" \/>\n<meta property=\"og:url\" content=\"https:\/\/www.cinemapolitica.org\/fr\/film\/tunniit-retracing-the-lines-of-inuit-tattoos\/\" \/>\n<meta property=\"og:site_name\" content=\"Cinema Politica\" \/>\n<meta property=\"article:publisher\" content=\"https:\/\/www.facebook.com\/cinemapolitica\" \/>\n<meta property=\"article:modified_time\" content=\"2022-12-08T23:31:39+00:00\" \/>\n<meta property=\"og:image\" content=\"https:\/\/www.cinemapolitica.org\/wp-content\/uploads\/2020\/05\/Tunniit1.jpg\" \/>\n\t<meta property=\"og:image:width\" content=\"1920\" \/>\n\t<meta property=\"og:image:height\" content=\"1080\" \/>\n\t<meta property=\"og:image:type\" content=\"image\/jpeg\" \/>\n<meta name=\"twitter:card\" content=\"summary_large_image\" \/>\n<meta name=\"twitter:site\" content=\"@CinemaPolitica\" \/>\n<meta name=\"twitter:label1\" content=\"Estimation du temps de lecture\" \/>\n\t<meta name=\"twitter:data1\" content=\"1 minute\" \/>\n<script type=\"application\/ld+json\" class=\"yoast-schema-graph\">{\"@context\":\"https:\/\/schema.org\",\"@graph\":[{\"@type\":\"WebPage\",\"@id\":\"https:\/\/www.cinemapolitica.org\/fr\/film\/tunniit-retracing-the-lines-of-inuit-tattoos\/\",\"url\":\"https:\/\/www.cinemapolitica.org\/fr\/film\/tunniit-retracing-the-lines-of-inuit-tattoos\/\",\"name\":\"Tunniit: Retracing the Lines of Inuit Tattoos - Cinema Politica\",\"isPartOf\":{\"@id\":\"https:\/\/www.cinemapolitica.org\/fr\/#website\"},\"primaryImageOfPage\":{\"@id\":\"https:\/\/www.cinemapolitica.org\/fr\/film\/tunniit-retracing-the-lines-of-inuit-tattoos\/#primaryimage\"},\"image\":{\"@id\":\"https:\/\/www.cinemapolitica.org\/fr\/film\/tunniit-retracing-the-lines-of-inuit-tattoos\/#primaryimage\"},\"thumbnailUrl\":\"https:\/\/www.cinemapolitica.org\/wp-content\/uploads\/2020\/05\/Tunniit1.jpg\",\"datePublished\":\"2020-05-11T19:38:12+00:00\",\"dateModified\":\"2022-12-08T23:31:39+00:00\",\"description\":\"TUNNIIT : RETRACING THE LINES OF INUIT TATTOOS est un documentaire personnel et politique de la cin\u00e9aste inuite Alethea Arnaquq-Baril.\",\"breadcrumb\":{\"@id\":\"https:\/\/www.cinemapolitica.org\/fr\/film\/tunniit-retracing-the-lines-of-inuit-tattoos\/#breadcrumb\"},\"inLanguage\":\"fr-CA\",\"potentialAction\":[{\"@type\":\"ReadAction\",\"target\":[\"https:\/\/www.cinemapolitica.org\/fr\/film\/tunniit-retracing-the-lines-of-inuit-tattoos\/\"]}]},{\"@type\":\"ImageObject\",\"inLanguage\":\"fr-CA\",\"@id\":\"https:\/\/www.cinemapolitica.org\/fr\/film\/tunniit-retracing-the-lines-of-inuit-tattoos\/#primaryimage\",\"url\":\"https:\/\/www.cinemapolitica.org\/wp-content\/uploads\/2020\/05\/Tunniit1.jpg\",\"contentUrl\":\"https:\/\/www.cinemapolitica.org\/wp-content\/uploads\/2020\/05\/Tunniit1.jpg\",\"width\":1920,\"height\":1080,\"caption\":\"Still from Tunniit: Retracing the Lines of Inuit Tattoos\"},{\"@type\":\"BreadcrumbList\",\"@id\":\"https:\/\/www.cinemapolitica.org\/fr\/film\/tunniit-retracing-the-lines-of-inuit-tattoos\/#breadcrumb\",\"itemListElement\":[{\"@type\":\"ListItem\",\"position\":1,\"name\":\"Home\",\"item\":\"https:\/\/www.cinemapolitica.org\/fr\/\"},{\"@type\":\"ListItem\",\"position\":2,\"name\":\"Films\",\"item\":\"https:\/\/www.cinemapolitica.org\/fr\/films\/\"},{\"@type\":\"ListItem\",\"position\":3,\"name\":\"Tunniit: Retracing the Lines of Inuit Tattoos\"}]},{\"@type\":\"WebSite\",\"@id\":\"https:\/\/www.cinemapolitica.org\/fr\/#website\",\"url\":\"https:\/\/www.cinemapolitica.org\/fr\/\",\"name\":\"Cinema Politica\",\"description\":\"Screening Truth to Power\",\"publisher\":{\"@id\":\"https:\/\/www.cinemapolitica.org\/fr\/#organization\"},\"potentialAction\":[{\"@type\":\"SearchAction\",\"target\":{\"@type\":\"EntryPoint\",\"urlTemplate\":\"https:\/\/www.cinemapolitica.org\/fr\/?s={search_term_string}\"},\"query-input\":{\"@type\":\"PropertyValueSpecification\",\"valueRequired\":true,\"valueName\":\"search_term_string\"}}],\"inLanguage\":\"fr-CA\"},{\"@type\":\"Organization\",\"@id\":\"https:\/\/www.cinemapolitica.org\/fr\/#organization\",\"name\":\"Cinema Politica\",\"url\":\"https:\/\/www.cinemapolitica.org\/fr\/\",\"logo\":{\"@type\":\"ImageObject\",\"inLanguage\":\"fr-CA\",\"@id\":\"https:\/\/www.cinemapolitica.org\/fr\/#\/schema\/logo\/image\/\",\"url\":\"https:\/\/www.cinemapolitica.org\/wp-content\/uploads\/2021\/05\/cp_web_image.jpeg\",\"contentUrl\":\"https:\/\/www.cinemapolitica.org\/wp-content\/uploads\/2021\/05\/cp_web_image.jpeg\",\"width\":639,\"height\":385,\"caption\":\"Cinema Politica\"},\"image\":{\"@id\":\"https:\/\/www.cinemapolitica.org\/fr\/#\/schema\/logo\/image\/\"},\"sameAs\":[\"https:\/\/www.facebook.com\/cinemapolitica\",\"https:\/\/x.com\/CinemaPolitica\",\"https:\/\/www.instagram.com\/cinema.politica\/\",\"https:\/\/www.youtube.com\/user\/CinemaPolitica\"]}]}<\/script>\n<!-- \/ Yoast SEO plugin. -->","yoast_head_json":{"title":"Tunniit: Retracing the Lines of Inuit Tattoos - Cinema Politica","description":"TUNNIIT : RETRACING THE LINES OF INUIT TATTOOS est un documentaire personnel et politique de la cin\u00e9aste inuite Alethea Arnaquq-Baril.","robots":{"index":"index","follow":"follow","max-snippet":"max-snippet:-1","max-image-preview":"max-image-preview:large","max-video-preview":"max-video-preview:-1"},"canonical":"https:\/\/www.cinemapolitica.org\/fr\/film\/tunniit-retracing-the-lines-of-inuit-tattoos\/","og_locale":"fr_CA","og_type":"article","og_title":"Tunniit: Retracing the Lines of Inuit Tattoos - Cinema Politica","og_description":"TUNNIIT : RETRACING THE LINES OF INUIT TATTOOS est un documentaire personnel et politique de la cin\u00e9aste inuite Alethea Arnaquq-Baril.","og_url":"https:\/\/www.cinemapolitica.org\/fr\/film\/tunniit-retracing-the-lines-of-inuit-tattoos\/","og_site_name":"Cinema Politica","article_publisher":"https:\/\/www.facebook.com\/cinemapolitica","article_modified_time":"2022-12-08T23:31:39+00:00","og_image":[{"width":1920,"height":1080,"url":"https:\/\/www.cinemapolitica.org\/wp-content\/uploads\/2020\/05\/Tunniit1.jpg","type":"image\/jpeg"}],"twitter_card":"summary_large_image","twitter_site":"@CinemaPolitica","twitter_misc":{"Estimation du temps de lecture":"1 minute"},"schema":{"@context":"https:\/\/schema.org","@graph":[{"@type":"WebPage","@id":"https:\/\/www.cinemapolitica.org\/fr\/film\/tunniit-retracing-the-lines-of-inuit-tattoos\/","url":"https:\/\/www.cinemapolitica.org\/fr\/film\/tunniit-retracing-the-lines-of-inuit-tattoos\/","name":"Tunniit: Retracing the Lines of Inuit Tattoos - Cinema Politica","isPartOf":{"@id":"https:\/\/www.cinemapolitica.org\/fr\/#website"},"primaryImageOfPage":{"@id":"https:\/\/www.cinemapolitica.org\/fr\/film\/tunniit-retracing-the-lines-of-inuit-tattoos\/#primaryimage"},"image":{"@id":"https:\/\/www.cinemapolitica.org\/fr\/film\/tunniit-retracing-the-lines-of-inuit-tattoos\/#primaryimage"},"thumbnailUrl":"https:\/\/www.cinemapolitica.org\/wp-content\/uploads\/2020\/05\/Tunniit1.jpg","datePublished":"2020-05-11T19:38:12+00:00","dateModified":"2022-12-08T23:31:39+00:00","description":"TUNNIIT : RETRACING THE LINES OF INUIT TATTOOS est un documentaire personnel et politique de la cin\u00e9aste inuite Alethea Arnaquq-Baril.","breadcrumb":{"@id":"https:\/\/www.cinemapolitica.org\/fr\/film\/tunniit-retracing-the-lines-of-inuit-tattoos\/#breadcrumb"},"inLanguage":"fr-CA","potentialAction":[{"@type":"ReadAction","target":["https:\/\/www.cinemapolitica.org\/fr\/film\/tunniit-retracing-the-lines-of-inuit-tattoos\/"]}]},{"@type":"ImageObject","inLanguage":"fr-CA","@id":"https:\/\/www.cinemapolitica.org\/fr\/film\/tunniit-retracing-the-lines-of-inuit-tattoos\/#primaryimage","url":"https:\/\/www.cinemapolitica.org\/wp-content\/uploads\/2020\/05\/Tunniit1.jpg","contentUrl":"https:\/\/www.cinemapolitica.org\/wp-content\/uploads\/2020\/05\/Tunniit1.jpg","width":1920,"height":1080,"caption":"Still from Tunniit: Retracing the Lines of Inuit Tattoos"},{"@type":"BreadcrumbList","@id":"https:\/\/www.cinemapolitica.org\/fr\/film\/tunniit-retracing-the-lines-of-inuit-tattoos\/#breadcrumb","itemListElement":[{"@type":"ListItem","position":1,"name":"Home","item":"https:\/\/www.cinemapolitica.org\/fr\/"},{"@type":"ListItem","position":2,"name":"Films","item":"https:\/\/www.cinemapolitica.org\/fr\/films\/"},{"@type":"ListItem","position":3,"name":"Tunniit: Retracing the Lines of Inuit Tattoos"}]},{"@type":"WebSite","@id":"https:\/\/www.cinemapolitica.org\/fr\/#website","url":"https:\/\/www.cinemapolitica.org\/fr\/","name":"Cinema Politica","description":"Screening Truth to Power","publisher":{"@id":"https:\/\/www.cinemapolitica.org\/fr\/#organization"},"potentialAction":[{"@type":"SearchAction","target":{"@type":"EntryPoint","urlTemplate":"https:\/\/www.cinemapolitica.org\/fr\/?s={search_term_string}"},"query-input":{"@type":"PropertyValueSpecification","valueRequired":true,"valueName":"search_term_string"}}],"inLanguage":"fr-CA"},{"@type":"Organization","@id":"https:\/\/www.cinemapolitica.org\/fr\/#organization","name":"Cinema Politica","url":"https:\/\/www.cinemapolitica.org\/fr\/","logo":{"@type":"ImageObject","inLanguage":"fr-CA","@id":"https:\/\/www.cinemapolitica.org\/fr\/#\/schema\/logo\/image\/","url":"https:\/\/www.cinemapolitica.org\/wp-content\/uploads\/2021\/05\/cp_web_image.jpeg","contentUrl":"https:\/\/www.cinemapolitica.org\/wp-content\/uploads\/2021\/05\/cp_web_image.jpeg","width":639,"height":385,"caption":"Cinema Politica"},"image":{"@id":"https:\/\/www.cinemapolitica.org\/fr\/#\/schema\/logo\/image\/"},"sameAs":["https:\/\/www.facebook.com\/cinemapolitica","https:\/\/x.com\/CinemaPolitica","https:\/\/www.instagram.com\/cinema.politica\/","https:\/\/www.youtube.com\/user\/CinemaPolitica"]}]}},"_links":{"self":[{"href":"https:\/\/www.cinemapolitica.org\/fr\/wp-json\/wp\/v2\/film\/10112","targetHints":{"allow":["GET"]}}],"collection":[{"href":"https:\/\/www.cinemapolitica.org\/fr\/wp-json\/wp\/v2\/film"}],"about":[{"href":"https:\/\/www.cinemapolitica.org\/fr\/wp-json\/wp\/v2\/types\/film"}],"version-history":[{"count":2,"href":"https:\/\/www.cinemapolitica.org\/fr\/wp-json\/wp\/v2\/film\/10112\/revisions"}],"predecessor-version":[{"id":37550,"href":"https:\/\/www.cinemapolitica.org\/fr\/wp-json\/wp\/v2\/film\/10112\/revisions\/37550"}],"wp:featuredmedia":[{"embeddable":true,"href":"https:\/\/www.cinemapolitica.org\/fr\/wp-json\/wp\/v2\/media\/10120"}],"wp:attachment":[{"href":"https:\/\/www.cinemapolitica.org\/fr\/wp-json\/wp\/v2\/media?parent=10112"}],"wp:term":[{"taxonomy":"languages","embeddable":true,"href":"https:\/\/www.cinemapolitica.org\/fr\/wp-json\/wp\/v2\/languages?post=10112"},{"taxonomy":"countries","embeddable":true,"href":"https:\/\/www.cinemapolitica.org\/fr\/wp-json\/wp\/v2\/countries?post=10112"},{"taxonomy":"film_categories","embeddable":true,"href":"https:\/\/www.cinemapolitica.org\/fr\/wp-json\/wp\/v2\/film_categories?post=10112"},{"taxonomy":"master_copies","embeddable":true,"href":"https:\/\/www.cinemapolitica.org\/fr\/wp-json\/wp\/v2\/master_copies?post=10112"},{"taxonomy":"pricing_grid","embeddable":true,"href":"https:\/\/www.cinemapolitica.org\/fr\/wp-json\/wp\/v2\/pricing_grid?post=10112"},{"taxonomy":"press_types","embeddable":true,"href":"https:\/\/www.cinemapolitica.org\/fr\/wp-json\/wp\/v2\/press_types?post=10112"}],"curies":[{"name":"wp","href":"https:\/\/api.w.org\/{rel}","templated":true}]}}