{"id":39957,"date":"2023-04-14T14:55:05","date_gmt":"2023-04-14T18:55:05","guid":{"rendered":"https:\/\/www.cinemapolitica.org\/film\/innocence\/"},"modified":"2026-09-01T14:58:04","modified_gmt":"2026-09-01T18:58:04","slug":"innocence","status":"publish","type":"film","link":"https:\/\/www.cinemapolitica.org\/fr\/film\/innocence\/","title":{"rendered":"Innocence"},"content":{"rendered":"\n<p class=\"wp-block-paragraph\">Le r\u00e9alisateur Guy Davidi (5 CAMERAS BRIS\u00c9ES), prim\u00e9 et nomm\u00e9 aux Oscars, s&rsquo;int\u00e9resse au complexe militaro-industriel et culturel de son pays pour r\u00e9v\u00e9ler une histoire br\u00fblante et d\u00e9vastatrice de la guerre, de la propagande et d&rsquo;une soci\u00e9t\u00e9 qui normalise la corruption de l&rsquo;enfance au service de la violence d&rsquo;\u00c9tat. While exposing the workings of Israel\u2019s recruitment and training machine, Davidi deftly stitches the fragments of a militarized culture into a scathing exposition and inevitable call to action. <\/p>\n\n<p class=\"wp-block-paragraph\">La trame troublante d\u2019INNOCENCE, compos\u00e9e de vid\u00e9os familiales, de journaux intimes, de lettres personnelles et de po\u00e8mes, ainsi que d\u2019images clandestines tourn\u00e9es de l\u2019int\u00e9rieur, explore des espaces instables et difficiles, marqu\u00e9s par la d\u00e9formation de l\u2019enfance, l\u2019endoctrinement et la perte qui en d\u00e9coule de jeunes vies, mises fin par leurs propres mains. Les r\u00e9flexions de jeunes conscrits isra\u00e9liens aux prises avec les \u00e9preuves physiques, \u00e9motionnelles et morales d\u2019un entra\u00eenement \u00e0 la haine, \u00e0 la guerre et \u00e0 l\u2019occupation ill\u00e9gale des territoires palestiniens sont partag\u00e9es \u00e0 travers des extraits de journaux intimes inoubliables, des images tourn\u00e9es dans les camps d\u2019entra\u00eenement et des moments priv\u00e9s \u00e0 la maison avec leur famille et leurs camarades de classe. Ce sont l\u00e0 les fragments de vies \u00e9ph\u00e9m\u00e8res qui, dans le film hypnotique, bienveillant et \u00e9difiant de Davidi, nous poussent \u00e0 prendre conscience du traumatisme et \u00e0 faire face au carnage de la violence d\u2019\u00c9tat \u2013 tant interne qu\u2019externe.  <\/p>\n","protected":false},"featured_media":39403,"menu_order":0,"template":"","meta":{"_acf_changed":false,"_oasis_is_in_workflow":0,"_oasis_original":0,"ep_exclude_from_search":false,"footnotes":"","_members_access_role":[],"_members_access_error":""},"languages":[2094,1263],"countries":[762,778,812,813],"film_categories":[],"master_copies":[],"pricing_grid":[],"press_types":[2033,2081],"class_list":["post-39957","film","type-film","status-publish","has-post-thumbnail","hentry","languages-anglais","languages-hebreu","countries-dk-fr","countries-fi-fr","countries-is-fr","countries-il-fr","press_types-article-fr","press_types-review-fr-2"],"acf":[],"yoast_head":"<!-- This site is optimized with the Yoast SEO plugin v28.4 - https:\/\/yoast.com\/product\/yoast-seo-wordpress\/ -->\n<title>Innocence - Cinema Politica<\/title>\n<meta name=\"description\" content=\"INNOCENCE aborde la question de la militarisation et de son impact sur la vie des jeunes Isra\u00e9liens.\" \/>\n<meta name=\"robots\" content=\"index, follow, max-snippet:-1, max-image-preview:large, max-video-preview:-1\" \/>\n<link rel=\"canonical\" href=\"https:\/\/www.cinemapolitica.org\/fr\/film\/innocence\/\" \/>\n<meta property=\"og:locale\" content=\"fr_CA\" \/>\n<meta property=\"og:type\" content=\"article\" \/>\n<meta property=\"og:title\" content=\"Innocence - Cinema Politica\" \/>\n<meta property=\"og:description\" content=\"INNOCENCE aborde la question de la militarisation et de son impact sur la vie des jeunes Isra\u00e9liens.\" \/>\n<meta property=\"og:url\" content=\"https:\/\/www.cinemapolitica.org\/fr\/film\/innocence\/\" \/>\n<meta property=\"og:site_name\" content=\"Cinema Politica\" \/>\n<meta property=\"article:publisher\" content=\"https:\/\/www.facebook.com\/cinemapolitica\" \/>\n<meta property=\"article:modified_time\" content=\"2026-09-01T18:58:04+00:00\" \/>\n<meta property=\"og:image\" content=\"https:\/\/www.cinemapolitica.org\/wp-content\/uploads\/2022\/09\/Innocence_Still4__c_GuyDavidi.jpeg\" \/>\n\t<meta property=\"og:image:width\" content=\"1080\" \/>\n\t<meta property=\"og:image:height\" content=\"720\" \/>\n\t<meta property=\"og:image:type\" content=\"image\/jpeg\" \/>\n<meta name=\"twitter:card\" content=\"summary_large_image\" \/>\n<meta name=\"twitter:site\" content=\"@CinemaPolitica\" \/>\n<meta name=\"twitter:label1\" content=\"Estimation du temps de lecture\" \/>\n\t<meta name=\"twitter:data1\" content=\"1 minute\" \/>\n<script type=\"application\/ld+json\" class=\"yoast-schema-graph\">{\"@context\":\"https:\\\/\\\/schema.org\",\"@graph\":[{\"@type\":\"WebPage\",\"@id\":\"https:\\\/\\\/www.cinemapolitica.org\\\/fr\\\/film\\\/innocence\\\/\",\"url\":\"https:\\\/\\\/www.cinemapolitica.org\\\/fr\\\/film\\\/innocence\\\/\",\"name\":\"Innocence - Cinema Politica\",\"isPartOf\":{\"@id\":\"https:\\\/\\\/www.cinemapolitica.org\\\/fr\\\/#website\"},\"primaryImageOfPage\":{\"@id\":\"https:\\\/\\\/www.cinemapolitica.org\\\/fr\\\/film\\\/innocence\\\/#primaryimage\"},\"image\":{\"@id\":\"https:\\\/\\\/www.cinemapolitica.org\\\/fr\\\/film\\\/innocence\\\/#primaryimage\"},\"thumbnailUrl\":\"https:\\\/\\\/www.cinemapolitica.org\\\/wp-content\\\/uploads\\\/2022\\\/09\\\/Innocence_Still4__c_GuyDavidi.jpeg\",\"datePublished\":\"2023-04-14T18:55:05+00:00\",\"dateModified\":\"2026-09-01T18:58:04+00:00\",\"description\":\"INNOCENCE aborde la question de la militarisation et de son impact sur la vie des jeunes Isra\u00e9liens.\",\"breadcrumb\":{\"@id\":\"https:\\\/\\\/www.cinemapolitica.org\\\/fr\\\/film\\\/innocence\\\/#breadcrumb\"},\"inLanguage\":\"fr-CA\",\"potentialAction\":[{\"@type\":\"ReadAction\",\"target\":[\"https:\\\/\\\/www.cinemapolitica.org\\\/fr\\\/film\\\/innocence\\\/\"]}]},{\"@type\":\"ImageObject\",\"inLanguage\":\"fr-CA\",\"@id\":\"https:\\\/\\\/www.cinemapolitica.org\\\/fr\\\/film\\\/innocence\\\/#primaryimage\",\"url\":\"https:\\\/\\\/www.cinemapolitica.org\\\/wp-content\\\/uploads\\\/2022\\\/09\\\/Innocence_Still4__c_GuyDavidi.jpeg\",\"contentUrl\":\"https:\\\/\\\/www.cinemapolitica.org\\\/wp-content\\\/uploads\\\/2022\\\/09\\\/Innocence_Still4__c_GuyDavidi.jpeg\",\"width\":1080,\"height\":720},{\"@type\":\"BreadcrumbList\",\"@id\":\"https:\\\/\\\/www.cinemapolitica.org\\\/fr\\\/film\\\/innocence\\\/#breadcrumb\",\"itemListElement\":[{\"@type\":\"ListItem\",\"position\":1,\"name\":\"Home\",\"item\":\"https:\\\/\\\/www.cinemapolitica.org\\\/fr\\\/\"},{\"@type\":\"ListItem\",\"position\":2,\"name\":\"Films\",\"item\":\"https:\\\/\\\/www.cinemapolitica.org\\\/fr\\\/films\\\/\"},{\"@type\":\"ListItem\",\"position\":3,\"name\":\"Innocence\"}]},{\"@type\":\"WebSite\",\"@id\":\"https:\\\/\\\/www.cinemapolitica.org\\\/fr\\\/#website\",\"url\":\"https:\\\/\\\/www.cinemapolitica.org\\\/fr\\\/\",\"name\":\"Cinema Politica\",\"description\":\"Screening Truth to Power\",\"publisher\":{\"@id\":\"https:\\\/\\\/www.cinemapolitica.org\\\/fr\\\/#organization\"},\"potentialAction\":[{\"@type\":\"SearchAction\",\"target\":{\"@type\":\"EntryPoint\",\"urlTemplate\":\"https:\\\/\\\/www.cinemapolitica.org\\\/fr\\\/?s={search_term_string}\"},\"query-input\":{\"@type\":\"PropertyValueSpecification\",\"valueRequired\":true,\"valueName\":\"search_term_string\"}}],\"inLanguage\":\"fr-CA\"},{\"@type\":\"Organization\",\"@id\":\"https:\\\/\\\/www.cinemapolitica.org\\\/fr\\\/#organization\",\"name\":\"Cinema Politica\",\"url\":\"https:\\\/\\\/www.cinemapolitica.org\\\/fr\\\/\",\"logo\":{\"@type\":\"ImageObject\",\"inLanguage\":\"fr-CA\",\"@id\":\"https:\\\/\\\/www.cinemapolitica.org\\\/fr\\\/#\\\/schema\\\/logo\\\/image\\\/\",\"url\":\"https:\\\/\\\/www.cinemapolitica.org\\\/wp-content\\\/uploads\\\/2021\\\/05\\\/cp_web_image.jpeg\",\"contentUrl\":\"https:\\\/\\\/www.cinemapolitica.org\\\/wp-content\\\/uploads\\\/2021\\\/05\\\/cp_web_image.jpeg\",\"width\":639,\"height\":385,\"caption\":\"Cinema Politica\"},\"image\":{\"@id\":\"https:\\\/\\\/www.cinemapolitica.org\\\/fr\\\/#\\\/schema\\\/logo\\\/image\\\/\"},\"sameAs\":[\"https:\\\/\\\/www.facebook.com\\\/cinemapolitica\",\"https:\\\/\\\/x.com\\\/CinemaPolitica\",\"https:\\\/\\\/www.instagram.com\\\/cinema.politica\\\/\",\"https:\\\/\\\/www.youtube.com\\\/user\\\/CinemaPolitica\"]}]}<\/script>\n<!-- \/ Yoast SEO plugin. -->","yoast_head_json":{"title":"Innocence - Cinema Politica","description":"INNOCENCE aborde la question de la militarisation et de son impact sur la vie des jeunes Isra\u00e9liens.","robots":{"index":"index","follow":"follow","max-snippet":"max-snippet:-1","max-image-preview":"max-image-preview:large","max-video-preview":"max-video-preview:-1"},"canonical":"https:\/\/www.cinemapolitica.org\/fr\/film\/innocence\/","og_locale":"fr_CA","og_type":"article","og_title":"Innocence - Cinema Politica","og_description":"INNOCENCE aborde la question de la militarisation et de son impact sur la vie des jeunes Isra\u00e9liens.","og_url":"https:\/\/www.cinemapolitica.org\/fr\/film\/innocence\/","og_site_name":"Cinema Politica","article_publisher":"https:\/\/www.facebook.com\/cinemapolitica","article_modified_time":"2026-09-01T18:58:04+00:00","og_image":[{"width":1080,"height":720,"url":"https:\/\/www.cinemapolitica.org\/wp-content\/uploads\/2022\/09\/Innocence_Still4__c_GuyDavidi.jpeg","type":"image\/jpeg"}],"twitter_card":"summary_large_image","twitter_site":"@CinemaPolitica","twitter_misc":{"Estimation du temps de lecture":"1 minute"},"schema":{"@context":"https:\/\/schema.org","@graph":[{"@type":"WebPage","@id":"https:\/\/www.cinemapolitica.org\/fr\/film\/innocence\/","url":"https:\/\/www.cinemapolitica.org\/fr\/film\/innocence\/","name":"Innocence - Cinema Politica","isPartOf":{"@id":"https:\/\/www.cinemapolitica.org\/fr\/#website"},"primaryImageOfPage":{"@id":"https:\/\/www.cinemapolitica.org\/fr\/film\/innocence\/#primaryimage"},"image":{"@id":"https:\/\/www.cinemapolitica.org\/fr\/film\/innocence\/#primaryimage"},"thumbnailUrl":"https:\/\/www.cinemapolitica.org\/wp-content\/uploads\/2022\/09\/Innocence_Still4__c_GuyDavidi.jpeg","datePublished":"2023-04-14T18:55:05+00:00","dateModified":"2026-09-01T18:58:04+00:00","description":"INNOCENCE aborde la question de la militarisation et de son impact sur la vie des jeunes Isra\u00e9liens.","breadcrumb":{"@id":"https:\/\/www.cinemapolitica.org\/fr\/film\/innocence\/#breadcrumb"},"inLanguage":"fr-CA","potentialAction":[{"@type":"ReadAction","target":["https:\/\/www.cinemapolitica.org\/fr\/film\/innocence\/"]}]},{"@type":"ImageObject","inLanguage":"fr-CA","@id":"https:\/\/www.cinemapolitica.org\/fr\/film\/innocence\/#primaryimage","url":"https:\/\/www.cinemapolitica.org\/wp-content\/uploads\/2022\/09\/Innocence_Still4__c_GuyDavidi.jpeg","contentUrl":"https:\/\/www.cinemapolitica.org\/wp-content\/uploads\/2022\/09\/Innocence_Still4__c_GuyDavidi.jpeg","width":1080,"height":720},{"@type":"BreadcrumbList","@id":"https:\/\/www.cinemapolitica.org\/fr\/film\/innocence\/#breadcrumb","itemListElement":[{"@type":"ListItem","position":1,"name":"Home","item":"https:\/\/www.cinemapolitica.org\/fr\/"},{"@type":"ListItem","position":2,"name":"Films","item":"https:\/\/www.cinemapolitica.org\/fr\/films\/"},{"@type":"ListItem","position":3,"name":"Innocence"}]},{"@type":"WebSite","@id":"https:\/\/www.cinemapolitica.org\/fr\/#website","url":"https:\/\/www.cinemapolitica.org\/fr\/","name":"Cinema Politica","description":"Screening Truth to Power","publisher":{"@id":"https:\/\/www.cinemapolitica.org\/fr\/#organization"},"potentialAction":[{"@type":"SearchAction","target":{"@type":"EntryPoint","urlTemplate":"https:\/\/www.cinemapolitica.org\/fr\/?s={search_term_string}"},"query-input":{"@type":"PropertyValueSpecification","valueRequired":true,"valueName":"search_term_string"}}],"inLanguage":"fr-CA"},{"@type":"Organization","@id":"https:\/\/www.cinemapolitica.org\/fr\/#organization","name":"Cinema Politica","url":"https:\/\/www.cinemapolitica.org\/fr\/","logo":{"@type":"ImageObject","inLanguage":"fr-CA","@id":"https:\/\/www.cinemapolitica.org\/fr\/#\/schema\/logo\/image\/","url":"https:\/\/www.cinemapolitica.org\/wp-content\/uploads\/2021\/05\/cp_web_image.jpeg","contentUrl":"https:\/\/www.cinemapolitica.org\/wp-content\/uploads\/2021\/05\/cp_web_image.jpeg","width":639,"height":385,"caption":"Cinema Politica"},"image":{"@id":"https:\/\/www.cinemapolitica.org\/fr\/#\/schema\/logo\/image\/"},"sameAs":["https:\/\/www.facebook.com\/cinemapolitica","https:\/\/x.com\/CinemaPolitica","https:\/\/www.instagram.com\/cinema.politica\/","https:\/\/www.youtube.com\/user\/CinemaPolitica"]}]}},"_links":{"self":[{"href":"https:\/\/www.cinemapolitica.org\/fr\/wp-json\/wp\/v2\/film\/39957","targetHints":{"allow":["GET"]}}],"collection":[{"href":"https:\/\/www.cinemapolitica.org\/fr\/wp-json\/wp\/v2\/film"}],"about":[{"href":"https:\/\/www.cinemapolitica.org\/fr\/wp-json\/wp\/v2\/types\/film"}],"version-history":[{"count":2,"href":"https:\/\/www.cinemapolitica.org\/fr\/wp-json\/wp\/v2\/film\/39957\/revisions"}],"predecessor-version":[{"id":58008,"href":"https:\/\/www.cinemapolitica.org\/fr\/wp-json\/wp\/v2\/film\/39957\/revisions\/58008"}],"wp:featuredmedia":[{"embeddable":true,"href":"https:\/\/www.cinemapolitica.org\/fr\/wp-json\/wp\/v2\/media\/39403"}],"wp:attachment":[{"href":"https:\/\/www.cinemapolitica.org\/fr\/wp-json\/wp\/v2\/media?parent=39957"}],"wp:term":[{"taxonomy":"languages","embeddable":true,"href":"https:\/\/www.cinemapolitica.org\/fr\/wp-json\/wp\/v2\/languages?post=39957"},{"taxonomy":"countries","embeddable":true,"href":"https:\/\/www.cinemapolitica.org\/fr\/wp-json\/wp\/v2\/countries?post=39957"},{"taxonomy":"film_categories","embeddable":true,"href":"https:\/\/www.cinemapolitica.org\/fr\/wp-json\/wp\/v2\/film_categories?post=39957"},{"taxonomy":"master_copies","embeddable":true,"href":"https:\/\/www.cinemapolitica.org\/fr\/wp-json\/wp\/v2\/master_copies?post=39957"},{"taxonomy":"pricing_grid","embeddable":true,"href":"https:\/\/www.cinemapolitica.org\/fr\/wp-json\/wp\/v2\/pricing_grid?post=39957"},{"taxonomy":"press_types","embeddable":true,"href":"https:\/\/www.cinemapolitica.org\/fr\/wp-json\/wp\/v2\/press_types?post=39957"}],"curies":[{"name":"wp","href":"https:\/\/api.w.org\/{rel}","templated":true}]}}