{"id":56060,"date":"2026-03-10T09:33:04","date_gmt":"2026-03-10T13:33:04","guid":{"rendered":"https:\/\/www.cinemapolitica.org\/film\/all-thats-left-of-you\/"},"modified":"2026-03-10T09:33:05","modified_gmt":"2026-03-10T13:33:05","slug":"all-thats-left-of-you","status":"publish","type":"film","link":"https:\/\/www.cinemapolitica.org\/fr\/film\/all-thats-left-of-you\/","title":{"rendered":"All That&rsquo;s Left of You"},"content":{"rendered":"\n<p>Drame multig\u00e9n\u00e9rationnel profond\u00e9ment \u00e9mouvant, ALL THAT\u2019S LEFT OF YOU suit un adolescent palestinien qui se retrouve pris dans une manifestation en Cisjordanie occup\u00e9e et vit un moment de violence qui bouleverse sa famille. Le film se d\u00e9roule alors que sa m\u00e8re raconte les \u00e9v\u00e9nements politiques et \u00e9motionnels qui ont conduit \u00e0 ce moment fatidique. Couvrant sept d\u00e9cennies, le film retrace les espoirs et les chagrins d&rsquo;une famille d\u00e9racin\u00e9e, t\u00e9moignant des cicatrices laiss\u00e9es par la d\u00e9possession et de l&rsquo;h\u00e9ritage durable de la survie.  <\/p>\n\n<p><\/p>\n","protected":false},"featured_media":55500,"menu_order":0,"template":"","meta":{"_acf_changed":false,"_oasis_is_in_workflow":0,"_oasis_original":0,"ep_exclude_from_search":false,"footnotes":""},"languages":[],"countries":[748,766,768,2079,2225,2199,2034,886,2200,1443],"film_categories":[],"master_copies":[],"pricing_grid":[],"press_types":[],"class_list":["post-56060","film","type-film","status-publish","has-post-thumbnail","hentry","countries-cy-fr","countries-eg-fr","countries-ae-fr","countries-germany-fr","countries-greece","countries-jordan","countries-palestine-fr","countries-qa-fr","countries-saudi-arabia","countries-united-states-fr"],"acf":[],"yoast_head":"<!-- This site is optimized with the Yoast SEO plugin v27.1.1 - https:\/\/yoast.com\/product\/yoast-seo-wordpress\/ -->\n<title>All That&#039;s Left of You - Cinema Politica<\/title>\n<meta name=\"robots\" content=\"index, follow, max-snippet:-1, max-image-preview:large, max-video-preview:-1\" \/>\n<link rel=\"canonical\" href=\"https:\/\/www.cinemapolitica.org\/fr\/film\/all-thats-left-of-you\/\" \/>\n<meta property=\"og:locale\" content=\"fr_CA\" \/>\n<meta property=\"og:type\" content=\"article\" \/>\n<meta property=\"og:title\" content=\"All That&#039;s Left of You - Cinema Politica\" \/>\n<meta property=\"og:description\" content=\"Drame multig\u00e9n\u00e9rationnel profond\u00e9ment \u00e9mouvant, ALL THAT\u2019S LEFT OF YOU suit un adolescent palestinien qui se retrouve pris dans une manifestation en Cisjordanie occup\u00e9e et vit un moment de violence qui bouleverse sa famille. Le film se d\u00e9roule alors que sa m\u00e8re raconte les \u00e9v\u00e9nements politiques et \u00e9motionnels qui ont conduit \u00e0 ce moment fatidique. Couvrant [&hellip;]\" \/>\n<meta property=\"og:url\" content=\"https:\/\/www.cinemapolitica.org\/fr\/film\/all-thats-left-of-you\/\" \/>\n<meta property=\"og:site_name\" content=\"Cinema Politica\" \/>\n<meta property=\"article:publisher\" content=\"https:\/\/www.facebook.com\/cinemapolitica\" \/>\n<meta property=\"article:modified_time\" content=\"2026-03-10T13:33:05+00:00\" \/>\n<meta property=\"og:image\" content=\"https:\/\/www.cinemapolitica.org\/wp-content\/uploads\/2026\/01\/All_thats_left_of_you-3-768x322.png\" \/>\n\t<meta property=\"og:image:width\" content=\"768\" \/>\n\t<meta property=\"og:image:height\" content=\"322\" \/>\n\t<meta property=\"og:image:type\" content=\"image\/png\" \/>\n<meta name=\"twitter:card\" content=\"summary_large_image\" \/>\n<meta name=\"twitter:site\" content=\"@CinemaPolitica\" \/>\n<script type=\"application\/ld+json\" class=\"yoast-schema-graph\">{\"@context\":\"https:\/\/schema.org\",\"@graph\":[{\"@type\":\"WebPage\",\"@id\":\"https:\/\/www.cinemapolitica.org\/fr\/film\/all-thats-left-of-you\/\",\"url\":\"https:\/\/www.cinemapolitica.org\/fr\/film\/all-thats-left-of-you\/\",\"name\":\"All That's Left of You - Cinema Politica\",\"isPartOf\":{\"@id\":\"https:\/\/www.cinemapolitica.org\/fr\/#website\"},\"primaryImageOfPage\":{\"@id\":\"https:\/\/www.cinemapolitica.org\/fr\/film\/all-thats-left-of-you\/#primaryimage\"},\"image\":{\"@id\":\"https:\/\/www.cinemapolitica.org\/fr\/film\/all-thats-left-of-you\/#primaryimage\"},\"thumbnailUrl\":\"https:\/\/www.cinemapolitica.org\/wp-content\/uploads\/2026\/01\/All_thats_left_of_you-3-scaled.png\",\"datePublished\":\"2026-03-10T13:33:04+00:00\",\"dateModified\":\"2026-03-10T13:33:05+00:00\",\"breadcrumb\":{\"@id\":\"https:\/\/www.cinemapolitica.org\/fr\/film\/all-thats-left-of-you\/#breadcrumb\"},\"inLanguage\":\"fr-CA\",\"potentialAction\":[{\"@type\":\"ReadAction\",\"target\":[\"https:\/\/www.cinemapolitica.org\/fr\/film\/all-thats-left-of-you\/\"]}]},{\"@type\":\"ImageObject\",\"inLanguage\":\"fr-CA\",\"@id\":\"https:\/\/www.cinemapolitica.org\/fr\/film\/all-thats-left-of-you\/#primaryimage\",\"url\":\"https:\/\/www.cinemapolitica.org\/wp-content\/uploads\/2026\/01\/All_thats_left_of_you-3-scaled.png\",\"contentUrl\":\"https:\/\/www.cinemapolitica.org\/wp-content\/uploads\/2026\/01\/All_thats_left_of_you-3-scaled.png\",\"width\":4000,\"height\":1676},{\"@type\":\"BreadcrumbList\",\"@id\":\"https:\/\/www.cinemapolitica.org\/fr\/film\/all-thats-left-of-you\/#breadcrumb\",\"itemListElement\":[{\"@type\":\"ListItem\",\"position\":1,\"name\":\"Home\",\"item\":\"https:\/\/www.cinemapolitica.org\/fr\/\"},{\"@type\":\"ListItem\",\"position\":2,\"name\":\"Films\",\"item\":\"https:\/\/www.cinemapolitica.org\/fr\/films\/\"},{\"@type\":\"ListItem\",\"position\":3,\"name\":\"All That&#8217;s Left of You\"}]},{\"@type\":\"WebSite\",\"@id\":\"https:\/\/www.cinemapolitica.org\/fr\/#website\",\"url\":\"https:\/\/www.cinemapolitica.org\/fr\/\",\"name\":\"Cinema Politica\",\"description\":\"Screening Truth to Power\",\"publisher\":{\"@id\":\"https:\/\/www.cinemapolitica.org\/fr\/#organization\"},\"potentialAction\":[{\"@type\":\"SearchAction\",\"target\":{\"@type\":\"EntryPoint\",\"urlTemplate\":\"https:\/\/www.cinemapolitica.org\/fr\/?s={search_term_string}\"},\"query-input\":{\"@type\":\"PropertyValueSpecification\",\"valueRequired\":true,\"valueName\":\"search_term_string\"}}],\"inLanguage\":\"fr-CA\"},{\"@type\":\"Organization\",\"@id\":\"https:\/\/www.cinemapolitica.org\/fr\/#organization\",\"name\":\"Cinema Politica\",\"url\":\"https:\/\/www.cinemapolitica.org\/fr\/\",\"logo\":{\"@type\":\"ImageObject\",\"inLanguage\":\"fr-CA\",\"@id\":\"https:\/\/www.cinemapolitica.org\/fr\/#\/schema\/logo\/image\/\",\"url\":\"https:\/\/www.cinemapolitica.org\/wp-content\/uploads\/2021\/05\/cp_web_image.jpeg\",\"contentUrl\":\"https:\/\/www.cinemapolitica.org\/wp-content\/uploads\/2021\/05\/cp_web_image.jpeg\",\"width\":639,\"height\":385,\"caption\":\"Cinema Politica\"},\"image\":{\"@id\":\"https:\/\/www.cinemapolitica.org\/fr\/#\/schema\/logo\/image\/\"},\"sameAs\":[\"https:\/\/www.facebook.com\/cinemapolitica\",\"https:\/\/x.com\/CinemaPolitica\",\"https:\/\/www.instagram.com\/cinema.politica\/\",\"https:\/\/www.youtube.com\/user\/CinemaPolitica\"]}]}<\/script>\n<!-- \/ Yoast SEO plugin. -->","yoast_head_json":{"title":"All That's Left of You - Cinema Politica","robots":{"index":"index","follow":"follow","max-snippet":"max-snippet:-1","max-image-preview":"max-image-preview:large","max-video-preview":"max-video-preview:-1"},"canonical":"https:\/\/www.cinemapolitica.org\/fr\/film\/all-thats-left-of-you\/","og_locale":"fr_CA","og_type":"article","og_title":"All That's Left of You - Cinema Politica","og_description":"Drame multig\u00e9n\u00e9rationnel profond\u00e9ment \u00e9mouvant, ALL THAT\u2019S LEFT OF YOU suit un adolescent palestinien qui se retrouve pris dans une manifestation en Cisjordanie occup\u00e9e et vit un moment de violence qui bouleverse sa famille. Le film se d\u00e9roule alors que sa m\u00e8re raconte les \u00e9v\u00e9nements politiques et \u00e9motionnels qui ont conduit \u00e0 ce moment fatidique. Couvrant [&hellip;]","og_url":"https:\/\/www.cinemapolitica.org\/fr\/film\/all-thats-left-of-you\/","og_site_name":"Cinema Politica","article_publisher":"https:\/\/www.facebook.com\/cinemapolitica","article_modified_time":"2026-03-10T13:33:05+00:00","og_image":[{"width":768,"height":322,"url":"https:\/\/www.cinemapolitica.org\/wp-content\/uploads\/2026\/01\/All_thats_left_of_you-3-768x322.png","type":"image\/png"}],"twitter_card":"summary_large_image","twitter_site":"@CinemaPolitica","schema":{"@context":"https:\/\/schema.org","@graph":[{"@type":"WebPage","@id":"https:\/\/www.cinemapolitica.org\/fr\/film\/all-thats-left-of-you\/","url":"https:\/\/www.cinemapolitica.org\/fr\/film\/all-thats-left-of-you\/","name":"All That's Left of You - Cinema Politica","isPartOf":{"@id":"https:\/\/www.cinemapolitica.org\/fr\/#website"},"primaryImageOfPage":{"@id":"https:\/\/www.cinemapolitica.org\/fr\/film\/all-thats-left-of-you\/#primaryimage"},"image":{"@id":"https:\/\/www.cinemapolitica.org\/fr\/film\/all-thats-left-of-you\/#primaryimage"},"thumbnailUrl":"https:\/\/www.cinemapolitica.org\/wp-content\/uploads\/2026\/01\/All_thats_left_of_you-3-scaled.png","datePublished":"2026-03-10T13:33:04+00:00","dateModified":"2026-03-10T13:33:05+00:00","breadcrumb":{"@id":"https:\/\/www.cinemapolitica.org\/fr\/film\/all-thats-left-of-you\/#breadcrumb"},"inLanguage":"fr-CA","potentialAction":[{"@type":"ReadAction","target":["https:\/\/www.cinemapolitica.org\/fr\/film\/all-thats-left-of-you\/"]}]},{"@type":"ImageObject","inLanguage":"fr-CA","@id":"https:\/\/www.cinemapolitica.org\/fr\/film\/all-thats-left-of-you\/#primaryimage","url":"https:\/\/www.cinemapolitica.org\/wp-content\/uploads\/2026\/01\/All_thats_left_of_you-3-scaled.png","contentUrl":"https:\/\/www.cinemapolitica.org\/wp-content\/uploads\/2026\/01\/All_thats_left_of_you-3-scaled.png","width":4000,"height":1676},{"@type":"BreadcrumbList","@id":"https:\/\/www.cinemapolitica.org\/fr\/film\/all-thats-left-of-you\/#breadcrumb","itemListElement":[{"@type":"ListItem","position":1,"name":"Home","item":"https:\/\/www.cinemapolitica.org\/fr\/"},{"@type":"ListItem","position":2,"name":"Films","item":"https:\/\/www.cinemapolitica.org\/fr\/films\/"},{"@type":"ListItem","position":3,"name":"All That&#8217;s Left of You"}]},{"@type":"WebSite","@id":"https:\/\/www.cinemapolitica.org\/fr\/#website","url":"https:\/\/www.cinemapolitica.org\/fr\/","name":"Cinema Politica","description":"Screening Truth to Power","publisher":{"@id":"https:\/\/www.cinemapolitica.org\/fr\/#organization"},"potentialAction":[{"@type":"SearchAction","target":{"@type":"EntryPoint","urlTemplate":"https:\/\/www.cinemapolitica.org\/fr\/?s={search_term_string}"},"query-input":{"@type":"PropertyValueSpecification","valueRequired":true,"valueName":"search_term_string"}}],"inLanguage":"fr-CA"},{"@type":"Organization","@id":"https:\/\/www.cinemapolitica.org\/fr\/#organization","name":"Cinema Politica","url":"https:\/\/www.cinemapolitica.org\/fr\/","logo":{"@type":"ImageObject","inLanguage":"fr-CA","@id":"https:\/\/www.cinemapolitica.org\/fr\/#\/schema\/logo\/image\/","url":"https:\/\/www.cinemapolitica.org\/wp-content\/uploads\/2021\/05\/cp_web_image.jpeg","contentUrl":"https:\/\/www.cinemapolitica.org\/wp-content\/uploads\/2021\/05\/cp_web_image.jpeg","width":639,"height":385,"caption":"Cinema Politica"},"image":{"@id":"https:\/\/www.cinemapolitica.org\/fr\/#\/schema\/logo\/image\/"},"sameAs":["https:\/\/www.facebook.com\/cinemapolitica","https:\/\/x.com\/CinemaPolitica","https:\/\/www.instagram.com\/cinema.politica\/","https:\/\/www.youtube.com\/user\/CinemaPolitica"]}]}},"_links":{"self":[{"href":"https:\/\/www.cinemapolitica.org\/fr\/wp-json\/wp\/v2\/film\/56060","targetHints":{"allow":["GET"]}}],"collection":[{"href":"https:\/\/www.cinemapolitica.org\/fr\/wp-json\/wp\/v2\/film"}],"about":[{"href":"https:\/\/www.cinemapolitica.org\/fr\/wp-json\/wp\/v2\/types\/film"}],"version-history":[{"count":1,"href":"https:\/\/www.cinemapolitica.org\/fr\/wp-json\/wp\/v2\/film\/56060\/revisions"}],"predecessor-version":[{"id":56061,"href":"https:\/\/www.cinemapolitica.org\/fr\/wp-json\/wp\/v2\/film\/56060\/revisions\/56061"}],"wp:featuredmedia":[{"embeddable":true,"href":"https:\/\/www.cinemapolitica.org\/fr\/wp-json\/wp\/v2\/media\/55500"}],"wp:attachment":[{"href":"https:\/\/www.cinemapolitica.org\/fr\/wp-json\/wp\/v2\/media?parent=56060"}],"wp:term":[{"taxonomy":"languages","embeddable":true,"href":"https:\/\/www.cinemapolitica.org\/fr\/wp-json\/wp\/v2\/languages?post=56060"},{"taxonomy":"countries","embeddable":true,"href":"https:\/\/www.cinemapolitica.org\/fr\/wp-json\/wp\/v2\/countries?post=56060"},{"taxonomy":"film_categories","embeddable":true,"href":"https:\/\/www.cinemapolitica.org\/fr\/wp-json\/wp\/v2\/film_categories?post=56060"},{"taxonomy":"master_copies","embeddable":true,"href":"https:\/\/www.cinemapolitica.org\/fr\/wp-json\/wp\/v2\/master_copies?post=56060"},{"taxonomy":"pricing_grid","embeddable":true,"href":"https:\/\/www.cinemapolitica.org\/fr\/wp-json\/wp\/v2\/pricing_grid?post=56060"},{"taxonomy":"press_types","embeddable":true,"href":"https:\/\/www.cinemapolitica.org\/fr\/wp-json\/wp\/v2\/press_types?post=56060"}],"curies":[{"name":"wp","href":"https:\/\/api.w.org\/{rel}","templated":true}]}}