{"id":58066,"date":"2026-09-03T16:13:36","date_gmt":"2026-09-03T20:13:36","guid":{"rendered":"https:\/\/www.cinemapolitica.org\/film\/they-have-to-hear-us-canadas-duty-to-consult-inuit-2\/"},"modified":"2026-09-03T16:13:37","modified_gmt":"2026-09-03T20:13:37","slug":"they-have-to-hear-us-canadas-duty-to-consult-inuit-2","status":"publish","type":"film","link":"https:\/\/www.cinemapolitica.org\/fr\/film\/they-have-to-hear-us-canadas-duty-to-consult-inuit-2\/","title":{"rendered":"They Have To Hear Us: Canada\u2019s Duty To Consult Inuit"},"content":{"rendered":"\n<p class=\"wp-block-paragraph\">\u00c0 travers des entretiens men\u00e9s aupr\u00e8s d\u2019Inuits de tout le Nunavut et le compte rendu d\u2019un processus de consultation communautaire s\u2019\u00e9talant sur trois ans et men\u00e9 pendant la pand\u00e9mie, le cin\u00e9aste prim\u00e9 Zacharias Kunuk explore ce que signifie une consultation significative au XXIe si\u00e8cle dans le contexte d\u2019un projet d\u2019expansion mini\u00e8re \u00e0 grande \u00e9chelle sur l\u2019\u00eele de Baffin.<\/p>\n\n<p class=\"wp-block-paragraph\"><\/p>\n","protected":false},"featured_media":58063,"menu_order":0,"template":"","meta":{"_acf_changed":false,"_oasis_is_in_workflow":0,"_oasis_original":0,"ep_exclude_from_search":false,"footnotes":"","_members_access_role":[],"_members_access_error":""},"languages":[],"countries":[742],"film_categories":[],"master_copies":[],"pricing_grid":[],"press_types":[],"class_list":["post-58066","film","type-film","status-publish","has-post-thumbnail","hentry","countries-ca-fr"],"acf":[],"yoast_head":"<!-- This site is optimized with the Yoast SEO plugin v28.4 - https:\/\/yoast.com\/product\/yoast-seo-wordpress\/ -->\n<title>They Have To Hear Us: Canada\u2019s Duty To Consult Inuit - Cinema Politica<\/title>\n<meta name=\"robots\" content=\"index, follow, max-snippet:-1, max-image-preview:large, max-video-preview:-1\" \/>\n<link rel=\"canonical\" href=\"https:\/\/www.cinemapolitica.org\/fr\/film\/they-have-to-hear-us-canadas-duty-to-consult-inuit-2\/\" \/>\n<meta property=\"og:locale\" content=\"fr_CA\" \/>\n<meta property=\"og:type\" content=\"article\" \/>\n<meta property=\"og:title\" content=\"They Have To Hear Us: Canada\u2019s Duty To Consult Inuit - Cinema Politica\" \/>\n<meta property=\"og:description\" content=\"\u00c0 travers des entretiens men\u00e9s aupr\u00e8s d\u2019Inuits de tout le Nunavut et le compte rendu d\u2019un processus de consultation communautaire s\u2019\u00e9talant sur trois ans et men\u00e9 pendant la pand\u00e9mie, le cin\u00e9aste prim\u00e9 Zacharias Kunuk explore ce que signifie une consultation significative au XXIe si\u00e8cle dans le contexte d\u2019un projet d\u2019expansion mini\u00e8re \u00e0 grande \u00e9chelle sur [&hellip;]\" \/>\n<meta property=\"og:url\" content=\"https:\/\/www.cinemapolitica.org\/fr\/film\/they-have-to-hear-us-canadas-duty-to-consult-inuit-2\/\" \/>\n<meta property=\"og:site_name\" content=\"Cinema Politica\" \/>\n<meta property=\"article:publisher\" content=\"https:\/\/www.facebook.com\/cinemapolitica\" \/>\n<meta property=\"article:modified_time\" content=\"2026-09-03T20:13:37+00:00\" \/>\n<meta property=\"og:image\" content=\"https:\/\/www.cinemapolitica.org\/wp-content\/uploads\/2026\/09\/theyhavetohearus.webp\" \/>\n\t<meta property=\"og:image:width\" content=\"1920\" \/>\n\t<meta property=\"og:image:height\" content=\"1080\" \/>\n\t<meta property=\"og:image:type\" content=\"image\/webp\" \/>\n<meta name=\"twitter:card\" content=\"summary_large_image\" \/>\n<meta name=\"twitter:site\" content=\"@CinemaPolitica\" \/>\n<script type=\"application\/ld+json\" class=\"yoast-schema-graph\">{\"@context\":\"https:\\\/\\\/schema.org\",\"@graph\":[{\"@type\":\"WebPage\",\"@id\":\"https:\\\/\\\/www.cinemapolitica.org\\\/fr\\\/film\\\/they-have-to-hear-us-canadas-duty-to-consult-inuit-2\\\/\",\"url\":\"https:\\\/\\\/www.cinemapolitica.org\\\/fr\\\/film\\\/they-have-to-hear-us-canadas-duty-to-consult-inuit-2\\\/\",\"name\":\"They Have To Hear Us: Canada\u2019s Duty To Consult Inuit - Cinema Politica\",\"isPartOf\":{\"@id\":\"https:\\\/\\\/www.cinemapolitica.org\\\/fr\\\/#website\"},\"primaryImageOfPage\":{\"@id\":\"https:\\\/\\\/www.cinemapolitica.org\\\/fr\\\/film\\\/they-have-to-hear-us-canadas-duty-to-consult-inuit-2\\\/#primaryimage\"},\"image\":{\"@id\":\"https:\\\/\\\/www.cinemapolitica.org\\\/fr\\\/film\\\/they-have-to-hear-us-canadas-duty-to-consult-inuit-2\\\/#primaryimage\"},\"thumbnailUrl\":\"https:\\\/\\\/www.cinemapolitica.org\\\/wp-content\\\/uploads\\\/2026\\\/09\\\/theyhavetohearus.webp\",\"datePublished\":\"2026-09-03T20:13:36+00:00\",\"dateModified\":\"2026-09-03T20:13:37+00:00\",\"breadcrumb\":{\"@id\":\"https:\\\/\\\/www.cinemapolitica.org\\\/fr\\\/film\\\/they-have-to-hear-us-canadas-duty-to-consult-inuit-2\\\/#breadcrumb\"},\"inLanguage\":\"fr-CA\",\"potentialAction\":[{\"@type\":\"ReadAction\",\"target\":[\"https:\\\/\\\/www.cinemapolitica.org\\\/fr\\\/film\\\/they-have-to-hear-us-canadas-duty-to-consult-inuit-2\\\/\"]}]},{\"@type\":\"ImageObject\",\"inLanguage\":\"fr-CA\",\"@id\":\"https:\\\/\\\/www.cinemapolitica.org\\\/fr\\\/film\\\/they-have-to-hear-us-canadas-duty-to-consult-inuit-2\\\/#primaryimage\",\"url\":\"https:\\\/\\\/www.cinemapolitica.org\\\/wp-content\\\/uploads\\\/2026\\\/09\\\/theyhavetohearus.webp\",\"contentUrl\":\"https:\\\/\\\/www.cinemapolitica.org\\\/wp-content\\\/uploads\\\/2026\\\/09\\\/theyhavetohearus.webp\",\"width\":1920,\"height\":1080},{\"@type\":\"BreadcrumbList\",\"@id\":\"https:\\\/\\\/www.cinemapolitica.org\\\/fr\\\/film\\\/they-have-to-hear-us-canadas-duty-to-consult-inuit-2\\\/#breadcrumb\",\"itemListElement\":[{\"@type\":\"ListItem\",\"position\":1,\"name\":\"Home\",\"item\":\"https:\\\/\\\/www.cinemapolitica.org\\\/fr\\\/\"},{\"@type\":\"ListItem\",\"position\":2,\"name\":\"Films\",\"item\":\"https:\\\/\\\/www.cinemapolitica.org\\\/fr\\\/films\\\/\"},{\"@type\":\"ListItem\",\"position\":3,\"name\":\"They Have To Hear Us: Canada\u2019s Duty To Consult Inuit\"}]},{\"@type\":\"WebSite\",\"@id\":\"https:\\\/\\\/www.cinemapolitica.org\\\/fr\\\/#website\",\"url\":\"https:\\\/\\\/www.cinemapolitica.org\\\/fr\\\/\",\"name\":\"Cinema Politica\",\"description\":\"Screening Truth to Power\",\"publisher\":{\"@id\":\"https:\\\/\\\/www.cinemapolitica.org\\\/fr\\\/#organization\"},\"potentialAction\":[{\"@type\":\"SearchAction\",\"target\":{\"@type\":\"EntryPoint\",\"urlTemplate\":\"https:\\\/\\\/www.cinemapolitica.org\\\/fr\\\/?s={search_term_string}\"},\"query-input\":{\"@type\":\"PropertyValueSpecification\",\"valueRequired\":true,\"valueName\":\"search_term_string\"}}],\"inLanguage\":\"fr-CA\"},{\"@type\":\"Organization\",\"@id\":\"https:\\\/\\\/www.cinemapolitica.org\\\/fr\\\/#organization\",\"name\":\"Cinema Politica\",\"url\":\"https:\\\/\\\/www.cinemapolitica.org\\\/fr\\\/\",\"logo\":{\"@type\":\"ImageObject\",\"inLanguage\":\"fr-CA\",\"@id\":\"https:\\\/\\\/www.cinemapolitica.org\\\/fr\\\/#\\\/schema\\\/logo\\\/image\\\/\",\"url\":\"https:\\\/\\\/www.cinemapolitica.org\\\/wp-content\\\/uploads\\\/2021\\\/05\\\/cp_web_image.jpeg\",\"contentUrl\":\"https:\\\/\\\/www.cinemapolitica.org\\\/wp-content\\\/uploads\\\/2021\\\/05\\\/cp_web_image.jpeg\",\"width\":639,\"height\":385,\"caption\":\"Cinema Politica\"},\"image\":{\"@id\":\"https:\\\/\\\/www.cinemapolitica.org\\\/fr\\\/#\\\/schema\\\/logo\\\/image\\\/\"},\"sameAs\":[\"https:\\\/\\\/www.facebook.com\\\/cinemapolitica\",\"https:\\\/\\\/x.com\\\/CinemaPolitica\",\"https:\\\/\\\/www.instagram.com\\\/cinema.politica\\\/\",\"https:\\\/\\\/www.youtube.com\\\/user\\\/CinemaPolitica\"]}]}<\/script>\n<!-- \/ Yoast SEO plugin. -->","yoast_head_json":{"title":"They Have To Hear Us: Canada\u2019s Duty To Consult Inuit - Cinema Politica","robots":{"index":"index","follow":"follow","max-snippet":"max-snippet:-1","max-image-preview":"max-image-preview:large","max-video-preview":"max-video-preview:-1"},"canonical":"https:\/\/www.cinemapolitica.org\/fr\/film\/they-have-to-hear-us-canadas-duty-to-consult-inuit-2\/","og_locale":"fr_CA","og_type":"article","og_title":"They Have To Hear Us: Canada\u2019s Duty To Consult Inuit - Cinema Politica","og_description":"\u00c0 travers des entretiens men\u00e9s aupr\u00e8s d\u2019Inuits de tout le Nunavut et le compte rendu d\u2019un processus de consultation communautaire s\u2019\u00e9talant sur trois ans et men\u00e9 pendant la pand\u00e9mie, le cin\u00e9aste prim\u00e9 Zacharias Kunuk explore ce que signifie une consultation significative au XXIe si\u00e8cle dans le contexte d\u2019un projet d\u2019expansion mini\u00e8re \u00e0 grande \u00e9chelle sur [&hellip;]","og_url":"https:\/\/www.cinemapolitica.org\/fr\/film\/they-have-to-hear-us-canadas-duty-to-consult-inuit-2\/","og_site_name":"Cinema Politica","article_publisher":"https:\/\/www.facebook.com\/cinemapolitica","article_modified_time":"2026-09-03T20:13:37+00:00","og_image":[{"width":1920,"height":1080,"url":"https:\/\/www.cinemapolitica.org\/wp-content\/uploads\/2026\/09\/theyhavetohearus.webp","type":"image\/webp"}],"twitter_card":"summary_large_image","twitter_site":"@CinemaPolitica","schema":{"@context":"https:\/\/schema.org","@graph":[{"@type":"WebPage","@id":"https:\/\/www.cinemapolitica.org\/fr\/film\/they-have-to-hear-us-canadas-duty-to-consult-inuit-2\/","url":"https:\/\/www.cinemapolitica.org\/fr\/film\/they-have-to-hear-us-canadas-duty-to-consult-inuit-2\/","name":"They Have To Hear Us: Canada\u2019s Duty To Consult Inuit - Cinema Politica","isPartOf":{"@id":"https:\/\/www.cinemapolitica.org\/fr\/#website"},"primaryImageOfPage":{"@id":"https:\/\/www.cinemapolitica.org\/fr\/film\/they-have-to-hear-us-canadas-duty-to-consult-inuit-2\/#primaryimage"},"image":{"@id":"https:\/\/www.cinemapolitica.org\/fr\/film\/they-have-to-hear-us-canadas-duty-to-consult-inuit-2\/#primaryimage"},"thumbnailUrl":"https:\/\/www.cinemapolitica.org\/wp-content\/uploads\/2026\/09\/theyhavetohearus.webp","datePublished":"2026-09-03T20:13:36+00:00","dateModified":"2026-09-03T20:13:37+00:00","breadcrumb":{"@id":"https:\/\/www.cinemapolitica.org\/fr\/film\/they-have-to-hear-us-canadas-duty-to-consult-inuit-2\/#breadcrumb"},"inLanguage":"fr-CA","potentialAction":[{"@type":"ReadAction","target":["https:\/\/www.cinemapolitica.org\/fr\/film\/they-have-to-hear-us-canadas-duty-to-consult-inuit-2\/"]}]},{"@type":"ImageObject","inLanguage":"fr-CA","@id":"https:\/\/www.cinemapolitica.org\/fr\/film\/they-have-to-hear-us-canadas-duty-to-consult-inuit-2\/#primaryimage","url":"https:\/\/www.cinemapolitica.org\/wp-content\/uploads\/2026\/09\/theyhavetohearus.webp","contentUrl":"https:\/\/www.cinemapolitica.org\/wp-content\/uploads\/2026\/09\/theyhavetohearus.webp","width":1920,"height":1080},{"@type":"BreadcrumbList","@id":"https:\/\/www.cinemapolitica.org\/fr\/film\/they-have-to-hear-us-canadas-duty-to-consult-inuit-2\/#breadcrumb","itemListElement":[{"@type":"ListItem","position":1,"name":"Home","item":"https:\/\/www.cinemapolitica.org\/fr\/"},{"@type":"ListItem","position":2,"name":"Films","item":"https:\/\/www.cinemapolitica.org\/fr\/films\/"},{"@type":"ListItem","position":3,"name":"They Have To Hear Us: Canada\u2019s Duty To Consult Inuit"}]},{"@type":"WebSite","@id":"https:\/\/www.cinemapolitica.org\/fr\/#website","url":"https:\/\/www.cinemapolitica.org\/fr\/","name":"Cinema Politica","description":"Screening Truth to Power","publisher":{"@id":"https:\/\/www.cinemapolitica.org\/fr\/#organization"},"potentialAction":[{"@type":"SearchAction","target":{"@type":"EntryPoint","urlTemplate":"https:\/\/www.cinemapolitica.org\/fr\/?s={search_term_string}"},"query-input":{"@type":"PropertyValueSpecification","valueRequired":true,"valueName":"search_term_string"}}],"inLanguage":"fr-CA"},{"@type":"Organization","@id":"https:\/\/www.cinemapolitica.org\/fr\/#organization","name":"Cinema Politica","url":"https:\/\/www.cinemapolitica.org\/fr\/","logo":{"@type":"ImageObject","inLanguage":"fr-CA","@id":"https:\/\/www.cinemapolitica.org\/fr\/#\/schema\/logo\/image\/","url":"https:\/\/www.cinemapolitica.org\/wp-content\/uploads\/2021\/05\/cp_web_image.jpeg","contentUrl":"https:\/\/www.cinemapolitica.org\/wp-content\/uploads\/2021\/05\/cp_web_image.jpeg","width":639,"height":385,"caption":"Cinema Politica"},"image":{"@id":"https:\/\/www.cinemapolitica.org\/fr\/#\/schema\/logo\/image\/"},"sameAs":["https:\/\/www.facebook.com\/cinemapolitica","https:\/\/x.com\/CinemaPolitica","https:\/\/www.instagram.com\/cinema.politica\/","https:\/\/www.youtube.com\/user\/CinemaPolitica"]}]}},"_links":{"self":[{"href":"https:\/\/www.cinemapolitica.org\/fr\/wp-json\/wp\/v2\/film\/58066","targetHints":{"allow":["GET"]}}],"collection":[{"href":"https:\/\/www.cinemapolitica.org\/fr\/wp-json\/wp\/v2\/film"}],"about":[{"href":"https:\/\/www.cinemapolitica.org\/fr\/wp-json\/wp\/v2\/types\/film"}],"version-history":[{"count":1,"href":"https:\/\/www.cinemapolitica.org\/fr\/wp-json\/wp\/v2\/film\/58066\/revisions"}],"predecessor-version":[{"id":58067,"href":"https:\/\/www.cinemapolitica.org\/fr\/wp-json\/wp\/v2\/film\/58066\/revisions\/58067"}],"wp:featuredmedia":[{"embeddable":true,"href":"https:\/\/www.cinemapolitica.org\/fr\/wp-json\/wp\/v2\/media\/58063"}],"wp:attachment":[{"href":"https:\/\/www.cinemapolitica.org\/fr\/wp-json\/wp\/v2\/media?parent=58066"}],"wp:term":[{"taxonomy":"languages","embeddable":true,"href":"https:\/\/www.cinemapolitica.org\/fr\/wp-json\/wp\/v2\/languages?post=58066"},{"taxonomy":"countries","embeddable":true,"href":"https:\/\/www.cinemapolitica.org\/fr\/wp-json\/wp\/v2\/countries?post=58066"},{"taxonomy":"film_categories","embeddable":true,"href":"https:\/\/www.cinemapolitica.org\/fr\/wp-json\/wp\/v2\/film_categories?post=58066"},{"taxonomy":"master_copies","embeddable":true,"href":"https:\/\/www.cinemapolitica.org\/fr\/wp-json\/wp\/v2\/master_copies?post=58066"},{"taxonomy":"pricing_grid","embeddable":true,"href":"https:\/\/www.cinemapolitica.org\/fr\/wp-json\/wp\/v2\/pricing_grid?post=58066"},{"taxonomy":"press_types","embeddable":true,"href":"https:\/\/www.cinemapolitica.org\/fr\/wp-json\/wp\/v2\/press_types?post=58066"}],"curies":[{"name":"wp","href":"https:\/\/api.w.org\/{rel}","templated":true}]}}