{"id":58080,"date":"2026-09-03T16:44:14","date_gmt":"2026-09-03T20:44:14","guid":{"rendered":"https:\/\/www.cinemapolitica.org\/film\/with-hasan-in-gaza\/"},"modified":"2026-09-03T16:44:15","modified_gmt":"2026-09-03T20:44:15","slug":"with-hasan-in-gaza","status":"publish","type":"film","link":"https:\/\/www.cinemapolitica.org\/fr\/film\/with-hasan-in-gaza\/","title":{"rendered":"With Hasan in Gaza"},"content":{"rendered":"\n<p class=\"wp-block-paragraph\">Trois cassettes MiniDV retra\u00e7ant la vie \u00e0 Gaza en 2001 ont r\u00e9cemment \u00e9t\u00e9 red\u00e9couvertes. Ces images constituent aujourd\u2019hui le t\u00e9moignage d\u2019un lieu et d\u2019une \u00e9poque qui n\u2019existent plus. Ce qui avait commenc\u00e9 par la recherche d\u2019un ancien cod\u00e9tenu de 1989 \u2014 un homme perdu dans le temps et la guerre \u2014 a d\u00e9bouch\u00e9 sur un road trip inattendu du nord au sud de Gaza, en compagnie de Hasan, un guide local dont on ignore toujours ce qu\u2019il est devenu. Tandis que la cam\u00e9ra parcourt les rues et les paysages de Gaza, elle capture des instants fugaces de la vie quotidienne \u2014 des fragments d\u2019une r\u00e9alit\u00e9 d\u00e9sormais irr\u00e9versiblement alt\u00e9r\u00e9e. \u00ab Avec Hasan \u00e0 Gaza \u00bb transforme ces images oubli\u00e9es en une r\u00e9flexion cin\u00e9matographique sur la m\u00e9moire, la perte et le passage du temps \u2014 capturant une Gaza du pass\u00e9 et des vies qui ne seront peut-\u00eatre jamais retrouv\u00e9es.    <\/p>\n","protected":false},"featured_media":57890,"menu_order":0,"template":"","meta":{"_acf_changed":false,"_oasis_is_in_workflow":0,"_oasis_original":0,"ep_exclude_from_search":false,"footnotes":"","_members_access_role":[],"_members_access_error":""},"languages":[],"countries":[779,2079,2034,886],"film_categories":[],"master_copies":[],"pricing_grid":[],"press_types":[],"class_list":["post-58080","film","type-film","status-publish","has-post-thumbnail","hentry","countries-fr-fr","countries-germany-fr","countries-palestine-fr","countries-qa-fr"],"acf":[],"yoast_head":"<!-- This site is optimized with the Yoast SEO plugin v28.4 - https:\/\/yoast.com\/product\/yoast-seo-wordpress\/ -->\n<title>With Hasan in Gaza - Cinema Politica<\/title>\n<meta name=\"description\" content=\"D\u00e9couvrez *With Hasan in Gaza*, le documentaire de Kamal Aljafari qui nous emm\u00e8ne \u00e0 travers Gaza et explore la m\u00e9moire, le lieu et la vie quotidienne \u00e0 travers des images tourn\u00e9es en 2001.\" \/>\n<meta name=\"robots\" content=\"index, follow, max-snippet:-1, max-image-preview:large, max-video-preview:-1\" \/>\n<link rel=\"canonical\" href=\"https:\/\/www.cinemapolitica.org\/fr\/film\/with-hasan-in-gaza\/\" \/>\n<meta property=\"og:locale\" content=\"fr_CA\" \/>\n<meta property=\"og:type\" content=\"article\" \/>\n<meta property=\"og:title\" content=\"With Hasan in Gaza - Cinema Politica\" \/>\n<meta property=\"og:description\" content=\"D\u00e9couvrez *With Hasan in Gaza*, le documentaire de Kamal Aljafari qui nous emm\u00e8ne \u00e0 travers Gaza et explore la m\u00e9moire, le lieu et la vie quotidienne \u00e0 travers des images tourn\u00e9es en 2001.\" \/>\n<meta property=\"og:url\" content=\"https:\/\/www.cinemapolitica.org\/fr\/film\/with-hasan-in-gaza\/\" \/>\n<meta property=\"og:site_name\" content=\"Cinema Politica\" \/>\n<meta property=\"article:publisher\" content=\"https:\/\/www.facebook.com\/cinemapolitica\" \/>\n<meta property=\"article:modified_time\" content=\"2026-09-03T20:44:15+00:00\" \/>\n<meta property=\"og:image\" content=\"https:\/\/www.cinemapolitica.org\/wp-content\/uploads\/2025\/08\/WHIG_VoStEng_7_july_2025_Rec709_gamma2.4_No_mix.00_12_12_16.Still008-2.png\" \/>\n\t<meta property=\"og:image:width\" content=\"1920\" \/>\n\t<meta property=\"og:image:height\" content=\"1080\" \/>\n\t<meta property=\"og:image:type\" content=\"image\/png\" \/>\n<meta name=\"twitter:card\" content=\"summary_large_image\" \/>\n<meta name=\"twitter:site\" content=\"@CinemaPolitica\" \/>\n<meta name=\"twitter:label1\" content=\"Estimation du temps de lecture\" \/>\n\t<meta name=\"twitter:data1\" content=\"1 minute\" \/>\n<script type=\"application\/ld+json\" class=\"yoast-schema-graph\">{\"@context\":\"https:\\\/\\\/schema.org\",\"@graph\":[{\"@type\":\"WebPage\",\"@id\":\"https:\\\/\\\/www.cinemapolitica.org\\\/fr\\\/film\\\/with-hasan-in-gaza\\\/\",\"url\":\"https:\\\/\\\/www.cinemapolitica.org\\\/fr\\\/film\\\/with-hasan-in-gaza\\\/\",\"name\":\"With Hasan in Gaza - Cinema Politica\",\"isPartOf\":{\"@id\":\"https:\\\/\\\/www.cinemapolitica.org\\\/fr\\\/#website\"},\"primaryImageOfPage\":{\"@id\":\"https:\\\/\\\/www.cinemapolitica.org\\\/fr\\\/film\\\/with-hasan-in-gaza\\\/#primaryimage\"},\"image\":{\"@id\":\"https:\\\/\\\/www.cinemapolitica.org\\\/fr\\\/film\\\/with-hasan-in-gaza\\\/#primaryimage\"},\"thumbnailUrl\":\"https:\\\/\\\/www.cinemapolitica.org\\\/wp-content\\\/uploads\\\/2025\\\/08\\\/WHIG_VoStEng_7_july_2025_Rec709_gamma2.4_No_mix.00_12_12_16.Still008-2.png\",\"datePublished\":\"2026-09-03T20:44:14+00:00\",\"dateModified\":\"2026-09-03T20:44:15+00:00\",\"description\":\"D\u00e9couvrez *With Hasan in Gaza*, le documentaire de Kamal Aljafari qui nous emm\u00e8ne \u00e0 travers Gaza et explore la m\u00e9moire, le lieu et la vie quotidienne \u00e0 travers des images tourn\u00e9es en 2001.\",\"breadcrumb\":{\"@id\":\"https:\\\/\\\/www.cinemapolitica.org\\\/fr\\\/film\\\/with-hasan-in-gaza\\\/#breadcrumb\"},\"inLanguage\":\"fr-CA\",\"potentialAction\":[{\"@type\":\"ReadAction\",\"target\":[\"https:\\\/\\\/www.cinemapolitica.org\\\/fr\\\/film\\\/with-hasan-in-gaza\\\/\"]}]},{\"@type\":\"ImageObject\",\"inLanguage\":\"fr-CA\",\"@id\":\"https:\\\/\\\/www.cinemapolitica.org\\\/fr\\\/film\\\/with-hasan-in-gaza\\\/#primaryimage\",\"url\":\"https:\\\/\\\/www.cinemapolitica.org\\\/wp-content\\\/uploads\\\/2025\\\/08\\\/WHIG_VoStEng_7_july_2025_Rec709_gamma2.4_No_mix.00_12_12_16.Still008-2.png\",\"contentUrl\":\"https:\\\/\\\/www.cinemapolitica.org\\\/wp-content\\\/uploads\\\/2025\\\/08\\\/WHIG_VoStEng_7_july_2025_Rec709_gamma2.4_No_mix.00_12_12_16.Still008-2.png\",\"width\":1920,\"height\":1080,\"caption\":\"Still from With Hasan in Gaza (2025), directed by Kamal Aljafari.\"},{\"@type\":\"BreadcrumbList\",\"@id\":\"https:\\\/\\\/www.cinemapolitica.org\\\/fr\\\/film\\\/with-hasan-in-gaza\\\/#breadcrumb\",\"itemListElement\":[{\"@type\":\"ListItem\",\"position\":1,\"name\":\"Home\",\"item\":\"https:\\\/\\\/www.cinemapolitica.org\\\/fr\\\/\"},{\"@type\":\"ListItem\",\"position\":2,\"name\":\"Films\",\"item\":\"https:\\\/\\\/www.cinemapolitica.org\\\/fr\\\/films\\\/\"},{\"@type\":\"ListItem\",\"position\":3,\"name\":\"With Hasan in Gaza\"}]},{\"@type\":\"WebSite\",\"@id\":\"https:\\\/\\\/www.cinemapolitica.org\\\/fr\\\/#website\",\"url\":\"https:\\\/\\\/www.cinemapolitica.org\\\/fr\\\/\",\"name\":\"Cinema Politica\",\"description\":\"Screening Truth to Power\",\"publisher\":{\"@id\":\"https:\\\/\\\/www.cinemapolitica.org\\\/fr\\\/#organization\"},\"potentialAction\":[{\"@type\":\"SearchAction\",\"target\":{\"@type\":\"EntryPoint\",\"urlTemplate\":\"https:\\\/\\\/www.cinemapolitica.org\\\/fr\\\/?s={search_term_string}\"},\"query-input\":{\"@type\":\"PropertyValueSpecification\",\"valueRequired\":true,\"valueName\":\"search_term_string\"}}],\"inLanguage\":\"fr-CA\"},{\"@type\":\"Organization\",\"@id\":\"https:\\\/\\\/www.cinemapolitica.org\\\/fr\\\/#organization\",\"name\":\"Cinema Politica\",\"url\":\"https:\\\/\\\/www.cinemapolitica.org\\\/fr\\\/\",\"logo\":{\"@type\":\"ImageObject\",\"inLanguage\":\"fr-CA\",\"@id\":\"https:\\\/\\\/www.cinemapolitica.org\\\/fr\\\/#\\\/schema\\\/logo\\\/image\\\/\",\"url\":\"https:\\\/\\\/www.cinemapolitica.org\\\/wp-content\\\/uploads\\\/2021\\\/05\\\/cp_web_image.jpeg\",\"contentUrl\":\"https:\\\/\\\/www.cinemapolitica.org\\\/wp-content\\\/uploads\\\/2021\\\/05\\\/cp_web_image.jpeg\",\"width\":639,\"height\":385,\"caption\":\"Cinema Politica\"},\"image\":{\"@id\":\"https:\\\/\\\/www.cinemapolitica.org\\\/fr\\\/#\\\/schema\\\/logo\\\/image\\\/\"},\"sameAs\":[\"https:\\\/\\\/www.facebook.com\\\/cinemapolitica\",\"https:\\\/\\\/x.com\\\/CinemaPolitica\",\"https:\\\/\\\/www.instagram.com\\\/cinema.politica\\\/\",\"https:\\\/\\\/www.youtube.com\\\/user\\\/CinemaPolitica\"]}]}<\/script>\n<!-- \/ Yoast SEO plugin. -->","yoast_head_json":{"title":"With Hasan in Gaza - Cinema Politica","description":"D\u00e9couvrez *With Hasan in Gaza*, le documentaire de Kamal Aljafari qui nous emm\u00e8ne \u00e0 travers Gaza et explore la m\u00e9moire, le lieu et la vie quotidienne \u00e0 travers des images tourn\u00e9es en 2001.","robots":{"index":"index","follow":"follow","max-snippet":"max-snippet:-1","max-image-preview":"max-image-preview:large","max-video-preview":"max-video-preview:-1"},"canonical":"https:\/\/www.cinemapolitica.org\/fr\/film\/with-hasan-in-gaza\/","og_locale":"fr_CA","og_type":"article","og_title":"With Hasan in Gaza - Cinema Politica","og_description":"D\u00e9couvrez *With Hasan in Gaza*, le documentaire de Kamal Aljafari qui nous emm\u00e8ne \u00e0 travers Gaza et explore la m\u00e9moire, le lieu et la vie quotidienne \u00e0 travers des images tourn\u00e9es en 2001.","og_url":"https:\/\/www.cinemapolitica.org\/fr\/film\/with-hasan-in-gaza\/","og_site_name":"Cinema Politica","article_publisher":"https:\/\/www.facebook.com\/cinemapolitica","article_modified_time":"2026-09-03T20:44:15+00:00","og_image":[{"width":1920,"height":1080,"url":"https:\/\/www.cinemapolitica.org\/wp-content\/uploads\/2025\/08\/WHIG_VoStEng_7_july_2025_Rec709_gamma2.4_No_mix.00_12_12_16.Still008-2.png","type":"image\/png"}],"twitter_card":"summary_large_image","twitter_site":"@CinemaPolitica","twitter_misc":{"Estimation du temps de lecture":"1 minute"},"schema":{"@context":"https:\/\/schema.org","@graph":[{"@type":"WebPage","@id":"https:\/\/www.cinemapolitica.org\/fr\/film\/with-hasan-in-gaza\/","url":"https:\/\/www.cinemapolitica.org\/fr\/film\/with-hasan-in-gaza\/","name":"With Hasan in Gaza - Cinema Politica","isPartOf":{"@id":"https:\/\/www.cinemapolitica.org\/fr\/#website"},"primaryImageOfPage":{"@id":"https:\/\/www.cinemapolitica.org\/fr\/film\/with-hasan-in-gaza\/#primaryimage"},"image":{"@id":"https:\/\/www.cinemapolitica.org\/fr\/film\/with-hasan-in-gaza\/#primaryimage"},"thumbnailUrl":"https:\/\/www.cinemapolitica.org\/wp-content\/uploads\/2025\/08\/WHIG_VoStEng_7_july_2025_Rec709_gamma2.4_No_mix.00_12_12_16.Still008-2.png","datePublished":"2026-09-03T20:44:14+00:00","dateModified":"2026-09-03T20:44:15+00:00","description":"D\u00e9couvrez *With Hasan in Gaza*, le documentaire de Kamal Aljafari qui nous emm\u00e8ne \u00e0 travers Gaza et explore la m\u00e9moire, le lieu et la vie quotidienne \u00e0 travers des images tourn\u00e9es en 2001.","breadcrumb":{"@id":"https:\/\/www.cinemapolitica.org\/fr\/film\/with-hasan-in-gaza\/#breadcrumb"},"inLanguage":"fr-CA","potentialAction":[{"@type":"ReadAction","target":["https:\/\/www.cinemapolitica.org\/fr\/film\/with-hasan-in-gaza\/"]}]},{"@type":"ImageObject","inLanguage":"fr-CA","@id":"https:\/\/www.cinemapolitica.org\/fr\/film\/with-hasan-in-gaza\/#primaryimage","url":"https:\/\/www.cinemapolitica.org\/wp-content\/uploads\/2025\/08\/WHIG_VoStEng_7_july_2025_Rec709_gamma2.4_No_mix.00_12_12_16.Still008-2.png","contentUrl":"https:\/\/www.cinemapolitica.org\/wp-content\/uploads\/2025\/08\/WHIG_VoStEng_7_july_2025_Rec709_gamma2.4_No_mix.00_12_12_16.Still008-2.png","width":1920,"height":1080,"caption":"Still from With Hasan in Gaza (2025), directed by Kamal Aljafari."},{"@type":"BreadcrumbList","@id":"https:\/\/www.cinemapolitica.org\/fr\/film\/with-hasan-in-gaza\/#breadcrumb","itemListElement":[{"@type":"ListItem","position":1,"name":"Home","item":"https:\/\/www.cinemapolitica.org\/fr\/"},{"@type":"ListItem","position":2,"name":"Films","item":"https:\/\/www.cinemapolitica.org\/fr\/films\/"},{"@type":"ListItem","position":3,"name":"With Hasan in Gaza"}]},{"@type":"WebSite","@id":"https:\/\/www.cinemapolitica.org\/fr\/#website","url":"https:\/\/www.cinemapolitica.org\/fr\/","name":"Cinema Politica","description":"Screening Truth to Power","publisher":{"@id":"https:\/\/www.cinemapolitica.org\/fr\/#organization"},"potentialAction":[{"@type":"SearchAction","target":{"@type":"EntryPoint","urlTemplate":"https:\/\/www.cinemapolitica.org\/fr\/?s={search_term_string}"},"query-input":{"@type":"PropertyValueSpecification","valueRequired":true,"valueName":"search_term_string"}}],"inLanguage":"fr-CA"},{"@type":"Organization","@id":"https:\/\/www.cinemapolitica.org\/fr\/#organization","name":"Cinema Politica","url":"https:\/\/www.cinemapolitica.org\/fr\/","logo":{"@type":"ImageObject","inLanguage":"fr-CA","@id":"https:\/\/www.cinemapolitica.org\/fr\/#\/schema\/logo\/image\/","url":"https:\/\/www.cinemapolitica.org\/wp-content\/uploads\/2021\/05\/cp_web_image.jpeg","contentUrl":"https:\/\/www.cinemapolitica.org\/wp-content\/uploads\/2021\/05\/cp_web_image.jpeg","width":639,"height":385,"caption":"Cinema Politica"},"image":{"@id":"https:\/\/www.cinemapolitica.org\/fr\/#\/schema\/logo\/image\/"},"sameAs":["https:\/\/www.facebook.com\/cinemapolitica","https:\/\/x.com\/CinemaPolitica","https:\/\/www.instagram.com\/cinema.politica\/","https:\/\/www.youtube.com\/user\/CinemaPolitica"]}]}},"_links":{"self":[{"href":"https:\/\/www.cinemapolitica.org\/fr\/wp-json\/wp\/v2\/film\/58080","targetHints":{"allow":["GET"]}}],"collection":[{"href":"https:\/\/www.cinemapolitica.org\/fr\/wp-json\/wp\/v2\/film"}],"about":[{"href":"https:\/\/www.cinemapolitica.org\/fr\/wp-json\/wp\/v2\/types\/film"}],"version-history":[{"count":1,"href":"https:\/\/www.cinemapolitica.org\/fr\/wp-json\/wp\/v2\/film\/58080\/revisions"}],"predecessor-version":[{"id":58081,"href":"https:\/\/www.cinemapolitica.org\/fr\/wp-json\/wp\/v2\/film\/58080\/revisions\/58081"}],"wp:featuredmedia":[{"embeddable":true,"href":"https:\/\/www.cinemapolitica.org\/fr\/wp-json\/wp\/v2\/media\/57890"}],"wp:attachment":[{"href":"https:\/\/www.cinemapolitica.org\/fr\/wp-json\/wp\/v2\/media?parent=58080"}],"wp:term":[{"taxonomy":"languages","embeddable":true,"href":"https:\/\/www.cinemapolitica.org\/fr\/wp-json\/wp\/v2\/languages?post=58080"},{"taxonomy":"countries","embeddable":true,"href":"https:\/\/www.cinemapolitica.org\/fr\/wp-json\/wp\/v2\/countries?post=58080"},{"taxonomy":"film_categories","embeddable":true,"href":"https:\/\/www.cinemapolitica.org\/fr\/wp-json\/wp\/v2\/film_categories?post=58080"},{"taxonomy":"master_copies","embeddable":true,"href":"https:\/\/www.cinemapolitica.org\/fr\/wp-json\/wp\/v2\/master_copies?post=58080"},{"taxonomy":"pricing_grid","embeddable":true,"href":"https:\/\/www.cinemapolitica.org\/fr\/wp-json\/wp\/v2\/pricing_grid?post=58080"},{"taxonomy":"press_types","embeddable":true,"href":"https:\/\/www.cinemapolitica.org\/fr\/wp-json\/wp\/v2\/press_types?post=58080"}],"curies":[{"name":"wp","href":"https:\/\/api.w.org\/{rel}","templated":true}]}}